{"id":3778,"date":"2022-11-14T20:19:20","date_gmt":"2022-11-14T19:19:20","guid":{"rendered":"https:\/\/www.akademie-tiertherapie.de\/veranstaltungen\/?post_type=mec-events&#038;p=3778"},"modified":"2023-02-03T17:49:06","modified_gmt":"2023-02-03T16:49:06","slug":"optimale-ernaehrung-des-hundes-2","status":"publish","type":"mec-events","link":"https:\/\/akademie-tiertherapie.de\/veranstaltungen\/events\/optimale-ernaehrung-des-hundes-2\/","title":{"rendered":"Optimale Ern\u00e4hrung des Hundes"},"content":{"rendered":"<p>Die optimale Ern\u00e4hrung des Hundes ist\u00a0ein spannendes Thema f\u00fcr die Gesundheit und wird von dem Professor f\u00fcr Tierern\u00e4hrung, Dr. J\u00fcrgen Zentek vorgetragen.<\/p>\n<p>&nbsp;<\/p>\n<h4><strong>Inhalte<\/strong><\/h4>\n<ul>\n<li class=\"firstItem\">Grundlagen der Ern\u00e4hrung von Hunden und Verdauungsphysiologie<\/li>\n<li>Praktische F\u00fctterung von Welpen bis zum Senior<\/li>\n<li>\u00dcberblick \u00fcber die optimale F\u00fctterung f\u00fcr den Hund<\/li>\n<li>Fertigfutter oder selber kochen? Ist Rohf\u00fctterung besser?<\/li>\n<li>Was kann ich tun, wenn es Probleme gibt?<\/li>\n<li>Wie vermeide ich Allergien?<\/li>\n<li class=\"lastItem\">Was ist jetzt die optimale Ern\u00e4hrung des Hundes?<\/li>\n<\/ul>\n<p>Das Seminar behandelt Themen rund um die Ern\u00e4hrung von Hunden. Durch seine Forschungsarbeit am Institut f\u00fcr Tierern\u00e4hrung kann er auf eine enorme\u00a0Erfahrung\u00a0hinsichtlich der Ern\u00e4hrung von Hunden zur\u00fcckgreifen. Er ist immer offen f\u00fcr Fragen der Teilnehmer, die er gerne beantwortet.<\/p>\n","protected":false},"excerpt":{"rendered":"<p>Die optimale Ern\u00e4hrung des Hundes ist\u00a0ein spannendes Thema f\u00fcr die Gesundheit und wird von dem Professor f\u00fcr Tierern\u00e4hrung, Dr. J\u00fcrgen Zentek vorgetragen. &nbsp; Inhalte Grundlagen der Ern\u00e4hrung von Hunden und Verdauungsphysiologie Praktische F\u00fctterung von Welpen bis zum Senior \u00dcberblick \u00fcber die optimale F\u00fctterung f\u00fcr den Hund Fertigfutter oder selber kochen? Ist Rohf\u00fctterung besser? Was kann [&hellip;]<\/p>\n","protected":false},"author":2,"featured_media":2525,"template":"","tags":[],"mec_category":[53,103,86],"mec_speaker":[76],"class_list":["post-3778","mec-events","type-mec-events","status-publish","has-post-thumbnail","hentry","mec_category-anerkennung-taek","mec_category-taek-sh-mit-7-stunden","mec_category-vortrag"],"yoast_head":"<!-- This site is optimized with the Yoast SEO plugin v27.4 - https:\/\/yoast.com\/product\/yoast-seo-wordpress\/ -->\n<title>Optimale Ern\u00e4hrung des Hundes - Akademie f\u00fcr Tiertherapie - Veranstaltungen<\/title>\n<meta name=\"description\" content=\"Die optimale Ern\u00e4hrung des Hundes vorgestellt von Prof.Dr. J\u00fcrgen Zentek. Der Fachmann, nach dem sich alle Ern\u00e4hrungsberater richten.\" \/>\n<meta name=\"robots\" content=\"index, follow, max-snippet:-1, max-image-preview:large, max-video-preview:-1\" \/>\n<link rel=\"canonical\" href=\"https:\/\/akademie-tiertherapie.de\/veranstaltungen\/events\/optimale-ernaehrung-des-hundes-2\/\" \/>\n<meta property=\"og:locale\" content=\"de_DE\" \/>\n<meta property=\"og:type\" content=\"article\" \/>\n<meta property=\"og:title\" content=\"Optimale Ern\u00e4hrung des Hundes - Akademie f\u00fcr Tiertherapie - Veranstaltungen\" \/>\n<meta property=\"og:description\" content=\"Die optimale Ern\u00e4hrung des Hundes vorgestellt von Prof.Dr. J\u00fcrgen Zentek. Der Fachmann, nach dem sich alle Ern\u00e4hrungsberater richten.\" \/>\n<meta property=\"og:url\" content=\"https:\/\/akademie-tiertherapie.de\/veranstaltungen\/events\/optimale-ernaehrung-des-hundes-2\/\" \/>\n<meta property=\"og:site_name\" content=\"Akademie f\u00fcr Tiertherapie - Veranstaltungen\" \/>\n<meta property=\"article:publisher\" content=\"https:\/\/www.facebook.com\/AkademieTier\" \/>\n<meta property=\"article:modified_time\" content=\"2023-02-03T16:49:06+00:00\" \/>\n<meta property=\"og:image\" content=\"https:\/\/akademie-tiertherapie.de\/veranstaltungen\/wp-content\/uploads\/2021\/10\/Zentek-scaled-e1675442809949.jpg\" \/>\n\t<meta property=\"og:image:width\" content=\"300\" \/>\n\t<meta property=\"og:image:height\" content=\"423\" \/>\n\t<meta property=\"og:image:type\" content=\"image\/jpeg\" \/>\n<meta name=\"twitter:card\" content=\"summary_large_image\" \/>\n<meta name=\"twitter:label1\" content=\"Gesch\u00e4tzte Lesezeit\" \/>\n\t<meta name=\"twitter:data1\" content=\"1\u00a0Minute\" \/>\n<script type=\"application\/ld+json\" class=\"yoast-schema-graph\">{\"@context\":\"https:\\\/\\\/schema.org\",\"@graph\":[{\"@type\":\"WebPage\",\"@id\":\"https:\\\/\\\/akademie-tiertherapie.de\\\/veranstaltungen\\\/events\\\/optimale-ernaehrung-des-hundes-2\\\/\",\"url\":\"https:\\\/\\\/akademie-tiertherapie.de\\\/veranstaltungen\\\/events\\\/optimale-ernaehrung-des-hundes-2\\\/\",\"name\":\"Optimale Ern\u00e4hrung des Hundes - Akademie f\u00fcr Tiertherapie - Veranstaltungen\",\"isPartOf\":{\"@id\":\"https:\\\/\\\/akademie-tiertherapie.de\\\/veranstaltungen\\\/#website\"},\"primaryImageOfPage\":{\"@id\":\"https:\\\/\\\/akademie-tiertherapie.de\\\/veranstaltungen\\\/events\\\/optimale-ernaehrung-des-hundes-2\\\/#primaryimage\"},\"image\":{\"@id\":\"https:\\\/\\\/akademie-tiertherapie.de\\\/veranstaltungen\\\/events\\\/optimale-ernaehrung-des-hundes-2\\\/#primaryimage\"},\"thumbnailUrl\":\"https:\\\/\\\/akademie-tiertherapie.de\\\/veranstaltungen\\\/wp-content\\\/uploads\\\/2021\\\/10\\\/Zentek-scaled-e1675442809949.jpg\",\"datePublished\":\"2022-11-14T19:19:20+00:00\",\"dateModified\":\"2023-02-03T16:49:06+00:00\",\"description\":\"Die optimale Ern\u00e4hrung des Hundes vorgestellt von Prof.Dr. J\u00fcrgen Zentek. Der Fachmann, nach dem sich alle Ern\u00e4hrungsberater richten.\",\"breadcrumb\":{\"@id\":\"https:\\\/\\\/akademie-tiertherapie.de\\\/veranstaltungen\\\/events\\\/optimale-ernaehrung-des-hundes-2\\\/#breadcrumb\"},\"inLanguage\":\"de\",\"potentialAction\":[{\"@type\":\"ReadAction\",\"target\":[\"https:\\\/\\\/akademie-tiertherapie.de\\\/veranstaltungen\\\/events\\\/optimale-ernaehrung-des-hundes-2\\\/\"]}]},{\"@type\":\"ImageObject\",\"inLanguage\":\"de\",\"@id\":\"https:\\\/\\\/akademie-tiertherapie.de\\\/veranstaltungen\\\/events\\\/optimale-ernaehrung-des-hundes-2\\\/#primaryimage\",\"url\":\"https:\\\/\\\/akademie-tiertherapie.de\\\/veranstaltungen\\\/wp-content\\\/uploads\\\/2021\\\/10\\\/Zentek-scaled-e1675442809949.jpg\",\"contentUrl\":\"https:\\\/\\\/akademie-tiertherapie.de\\\/veranstaltungen\\\/wp-content\\\/uploads\\\/2021\\\/10\\\/Zentek-scaled-e1675442809949.jpg\",\"width\":300,\"height\":423,\"caption\":\"Prof. Dr. J\u00fcrgen Zentek\"},{\"@type\":\"BreadcrumbList\",\"@id\":\"https:\\\/\\\/akademie-tiertherapie.de\\\/veranstaltungen\\\/events\\\/optimale-ernaehrung-des-hundes-2\\\/#breadcrumb\",\"itemListElement\":[{\"@type\":\"ListItem\",\"position\":1,\"name\":\"Startseite\",\"item\":\"https:\\\/\\\/akademie-tiertherapie.de\\\/veranstaltungen\\\/\"},{\"@type\":\"ListItem\",\"position\":2,\"name\":\"Veranstaltungen\",\"item\":\"https:\\\/\\\/akademie-tiertherapie.de\\\/veranstaltungen\\\/events\\\/\"},{\"@type\":\"ListItem\",\"position\":3,\"name\":\"Optimale Ern\u00e4hrung des Hundes\"}]},{\"@type\":\"WebSite\",\"@id\":\"https:\\\/\\\/akademie-tiertherapie.de\\\/veranstaltungen\\\/#website\",\"url\":\"https:\\\/\\\/akademie-tiertherapie.de\\\/veranstaltungen\\\/\",\"name\":\"Akademie f\u00fcr Tiertherapie - Veranstaltungen\",\"description\":\"Akademie f\u00fcr Tiertherapeutische Berufe GmbH\",\"publisher\":{\"@id\":\"https:\\\/\\\/akademie-tiertherapie.de\\\/veranstaltungen\\\/#organization\"},\"potentialAction\":[{\"@type\":\"SearchAction\",\"target\":{\"@type\":\"EntryPoint\",\"urlTemplate\":\"https:\\\/\\\/akademie-tiertherapie.de\\\/veranstaltungen\\\/?s={search_term_string}\"},\"query-input\":{\"@type\":\"PropertyValueSpecification\",\"valueRequired\":true,\"valueName\":\"search_term_string\"}}],\"inLanguage\":\"de\"},{\"@type\":\"Organization\",\"@id\":\"https:\\\/\\\/akademie-tiertherapie.de\\\/veranstaltungen\\\/#organization\",\"name\":\"Akademie Tiertherapie\",\"url\":\"https:\\\/\\\/akademie-tiertherapie.de\\\/veranstaltungen\\\/\",\"logo\":{\"@type\":\"ImageObject\",\"inLanguage\":\"de\",\"@id\":\"https:\\\/\\\/akademie-tiertherapie.de\\\/veranstaltungen\\\/#\\\/schema\\\/logo\\\/image\\\/\",\"url\":\"https:\\\/\\\/akademie-tiertherapie.de\\\/veranstaltungen\\\/wp-content\\\/uploads\\\/2022\\\/03\\\/ALogoBrown726KB.png\",\"contentUrl\":\"https:\\\/\\\/akademie-tiertherapie.de\\\/veranstaltungen\\\/wp-content\\\/uploads\\\/2022\\\/03\\\/ALogoBrown726KB.png\",\"width\":2233,\"height\":2173,\"caption\":\"Akademie Tiertherapie\"},\"image\":{\"@id\":\"https:\\\/\\\/akademie-tiertherapie.de\\\/veranstaltungen\\\/#\\\/schema\\\/logo\\\/image\\\/\"},\"sameAs\":[\"https:\\\/\\\/www.facebook.com\\\/AkademieTier\",\"https:\\\/\\\/www.instagram.com\\\/akademietier\\\/\"]}]}<\/script>\n<!-- \/ Yoast SEO plugin. -->","yoast_head_json":{"title":"Optimale Ern\u00e4hrung des Hundes - Akademie f\u00fcr Tiertherapie - Veranstaltungen","description":"Die optimale Ern\u00e4hrung des Hundes vorgestellt von Prof.Dr. J\u00fcrgen Zentek. Der Fachmann, nach dem sich alle Ern\u00e4hrungsberater richten.","robots":{"index":"index","follow":"follow","max-snippet":"max-snippet:-1","max-image-preview":"max-image-preview:large","max-video-preview":"max-video-preview:-1"},"canonical":"https:\/\/akademie-tiertherapie.de\/veranstaltungen\/events\/optimale-ernaehrung-des-hundes-2\/","og_locale":"de_DE","og_type":"article","og_title":"Optimale Ern\u00e4hrung des Hundes - Akademie f\u00fcr Tiertherapie - Veranstaltungen","og_description":"Die optimale Ern\u00e4hrung des Hundes vorgestellt von Prof.Dr. J\u00fcrgen Zentek. Der Fachmann, nach dem sich alle Ern\u00e4hrungsberater richten.","og_url":"https:\/\/akademie-tiertherapie.de\/veranstaltungen\/events\/optimale-ernaehrung-des-hundes-2\/","og_site_name":"Akademie f\u00fcr Tiertherapie - Veranstaltungen","article_publisher":"https:\/\/www.facebook.com\/AkademieTier","article_modified_time":"2023-02-03T16:49:06+00:00","og_image":[{"width":300,"height":423,"url":"https:\/\/akademie-tiertherapie.de\/veranstaltungen\/wp-content\/uploads\/2021\/10\/Zentek-scaled-e1675442809949.jpg","type":"image\/jpeg"}],"twitter_card":"summary_large_image","twitter_misc":{"Gesch\u00e4tzte Lesezeit":"1\u00a0Minute"},"schema":{"@context":"https:\/\/schema.org","@graph":[{"@type":"WebPage","@id":"https:\/\/akademie-tiertherapie.de\/veranstaltungen\/events\/optimale-ernaehrung-des-hundes-2\/","url":"https:\/\/akademie-tiertherapie.de\/veranstaltungen\/events\/optimale-ernaehrung-des-hundes-2\/","name":"Optimale Ern\u00e4hrung des Hundes - Akademie f\u00fcr Tiertherapie - Veranstaltungen","isPartOf":{"@id":"https:\/\/akademie-tiertherapie.de\/veranstaltungen\/#website"},"primaryImageOfPage":{"@id":"https:\/\/akademie-tiertherapie.de\/veranstaltungen\/events\/optimale-ernaehrung-des-hundes-2\/#primaryimage"},"image":{"@id":"https:\/\/akademie-tiertherapie.de\/veranstaltungen\/events\/optimale-ernaehrung-des-hundes-2\/#primaryimage"},"thumbnailUrl":"https:\/\/akademie-tiertherapie.de\/veranstaltungen\/wp-content\/uploads\/2021\/10\/Zentek-scaled-e1675442809949.jpg","datePublished":"2022-11-14T19:19:20+00:00","dateModified":"2023-02-03T16:49:06+00:00","description":"Die optimale Ern\u00e4hrung des Hundes vorgestellt von Prof.Dr. J\u00fcrgen Zentek. Der Fachmann, nach dem sich alle Ern\u00e4hrungsberater richten.","breadcrumb":{"@id":"https:\/\/akademie-tiertherapie.de\/veranstaltungen\/events\/optimale-ernaehrung-des-hundes-2\/#breadcrumb"},"inLanguage":"de","potentialAction":[{"@type":"ReadAction","target":["https:\/\/akademie-tiertherapie.de\/veranstaltungen\/events\/optimale-ernaehrung-des-hundes-2\/"]}]},{"@type":"ImageObject","inLanguage":"de","@id":"https:\/\/akademie-tiertherapie.de\/veranstaltungen\/events\/optimale-ernaehrung-des-hundes-2\/#primaryimage","url":"https:\/\/akademie-tiertherapie.de\/veranstaltungen\/wp-content\/uploads\/2021\/10\/Zentek-scaled-e1675442809949.jpg","contentUrl":"https:\/\/akademie-tiertherapie.de\/veranstaltungen\/wp-content\/uploads\/2021\/10\/Zentek-scaled-e1675442809949.jpg","width":300,"height":423,"caption":"Prof. Dr. J\u00fcrgen Zentek"},{"@type":"BreadcrumbList","@id":"https:\/\/akademie-tiertherapie.de\/veranstaltungen\/events\/optimale-ernaehrung-des-hundes-2\/#breadcrumb","itemListElement":[{"@type":"ListItem","position":1,"name":"Startseite","item":"https:\/\/akademie-tiertherapie.de\/veranstaltungen\/"},{"@type":"ListItem","position":2,"name":"Veranstaltungen","item":"https:\/\/akademie-tiertherapie.de\/veranstaltungen\/events\/"},{"@type":"ListItem","position":3,"name":"Optimale Ern\u00e4hrung des Hundes"}]},{"@type":"WebSite","@id":"https:\/\/akademie-tiertherapie.de\/veranstaltungen\/#website","url":"https:\/\/akademie-tiertherapie.de\/veranstaltungen\/","name":"Akademie f\u00fcr Tiertherapie - Veranstaltungen","description":"Akademie f\u00fcr Tiertherapeutische Berufe GmbH","publisher":{"@id":"https:\/\/akademie-tiertherapie.de\/veranstaltungen\/#organization"},"potentialAction":[{"@type":"SearchAction","target":{"@type":"EntryPoint","urlTemplate":"https:\/\/akademie-tiertherapie.de\/veranstaltungen\/?s={search_term_string}"},"query-input":{"@type":"PropertyValueSpecification","valueRequired":true,"valueName":"search_term_string"}}],"inLanguage":"de"},{"@type":"Organization","@id":"https:\/\/akademie-tiertherapie.de\/veranstaltungen\/#organization","name":"Akademie Tiertherapie","url":"https:\/\/akademie-tiertherapie.de\/veranstaltungen\/","logo":{"@type":"ImageObject","inLanguage":"de","@id":"https:\/\/akademie-tiertherapie.de\/veranstaltungen\/#\/schema\/logo\/image\/","url":"https:\/\/akademie-tiertherapie.de\/veranstaltungen\/wp-content\/uploads\/2022\/03\/ALogoBrown726KB.png","contentUrl":"https:\/\/akademie-tiertherapie.de\/veranstaltungen\/wp-content\/uploads\/2022\/03\/ALogoBrown726KB.png","width":2233,"height":2173,"caption":"Akademie Tiertherapie"},"image":{"@id":"https:\/\/akademie-tiertherapie.de\/veranstaltungen\/#\/schema\/logo\/image\/"},"sameAs":["https:\/\/www.facebook.com\/AkademieTier","https:\/\/www.instagram.com\/akademietier\/"]}]}},"_links":{"self":[{"href":"https:\/\/akademie-tiertherapie.de\/veranstaltungen\/wp-json\/wp\/v2\/mec-events\/3778","targetHints":{"allow":["GET"]}}],"collection":[{"href":"https:\/\/akademie-tiertherapie.de\/veranstaltungen\/wp-json\/wp\/v2\/mec-events"}],"about":[{"href":"https:\/\/akademie-tiertherapie.de\/veranstaltungen\/wp-json\/wp\/v2\/types\/mec-events"}],"author":[{"embeddable":true,"href":"https:\/\/akademie-tiertherapie.de\/veranstaltungen\/wp-json\/wp\/v2\/users\/2"}],"wp:featuredmedia":[{"embeddable":true,"href":"https:\/\/akademie-tiertherapie.de\/veranstaltungen\/wp-json\/wp\/v2\/media\/2525"}],"wp:attachment":[{"href":"https:\/\/akademie-tiertherapie.de\/veranstaltungen\/wp-json\/wp\/v2\/media?parent=3778"}],"wp:term":[{"taxonomy":"post_tag","embeddable":true,"href":"https:\/\/akademie-tiertherapie.de\/veranstaltungen\/wp-json\/wp\/v2\/tags?post=3778"},{"taxonomy":"mec_category","embeddable":true,"href":"https:\/\/akademie-tiertherapie.de\/veranstaltungen\/wp-json\/wp\/v2\/mec_category?post=3778"},{"taxonomy":"mec_speaker","embeddable":true,"href":"https:\/\/akademie-tiertherapie.de\/veranstaltungen\/wp-json\/wp\/v2\/mec_speaker?post=3778"}],"curies":[{"name":"wp","href":"https:\/\/api.w.org\/{rel}","templated":true}]}}