{"id":4459,"date":"2024-08-07T13:54:59","date_gmt":"2024-08-07T11:54:59","guid":{"rendered":"https:\/\/akademie-tiertherapie.de\/veranstaltungen\/?post_type=mec-events&#038;p=4459"},"modified":"2024-11-26T20:17:29","modified_gmt":"2024-11-26T19:17:29","slug":"lob-und-tadel","status":"publish","type":"mec-events","link":"https:\/\/akademie-tiertherapie.de\/veranstaltungen\/events\/lob-und-tadel\/","title":{"rendered":"Lob und Tadel (3 Tage) &#8211; Daniel Herter"},"content":{"rendered":"<h3>3-Tage-Seminar f\u00fcr Hundehalter und -trainer<\/h3>\n<p>Anziehung und Absto\u00dfung, angenehm und unangenehm\u2026 Lob und Tadel.<br \/>\nZwei Gegens\u00e4tze, die auch Unterschiedliches bewirken sollen, bewirken k\u00f6nnen\u2026 sofern man \u00fcber sie bescheid wei\u00df, sie beherrscht\u2026 sie meistert.<\/p>\n<p>In drei vollen Tagen befassen wir uns mit den zwei bedeutendsten Hebeln in der Hundeerziehung.<br \/>\nUnd wir schauen ganz genau hin.<\/p>\n<p>Was ist ein Lob? Und f\u00fcr welchen Hund?<br \/>\nWie lobt man zielf\u00fchrend? Wie ist die eigene Haltung dabei?<br \/>\nWessen Lob hat mehr Gewicht?<\/p>\n<p>Von wem kann man einen Tadel \u00fcberhaupt annehmen?<br \/>\nWann folgt darauf hin Einsicht?<br \/>\nWann Gegenwehr?<\/p>\n<p>Verst\u00e4rker, Abbruch, Unterbrechung, intermedi\u00e4re Br\u00fccke\u2026 Hemmung, Meideverhalten\u2026 und das gro\u00dfe Thema \u201eBeziehung\u201c.<br \/>\nAll das sehen wir uns ganz genau an.<\/p>\n<p>Mit Euch und Euren Hunden.<br \/>\nIn Theorie\u00a0und\u00a0Praxis.<\/p>\n<p>&nbsp;<\/p>\n","protected":false},"excerpt":{"rendered":"<p>3-Tage-Seminar f\u00fcr Hundehalter und -trainer Anziehung und Absto\u00dfung, angenehm und unangenehm\u2026 Lob und Tadel. Zwei Gegens\u00e4tze, die auch Unterschiedliches bewirken sollen, bewirken k\u00f6nnen\u2026 sofern man \u00fcber sie bescheid wei\u00df, sie beherrscht\u2026 sie meistert. In drei vollen Tagen befassen wir uns mit den zwei bedeutendsten Hebeln in der Hundeerziehung. Und wir schauen ganz genau hin. Was [&hellip;]<\/p>\n","protected":false},"author":2,"featured_media":4460,"template":"","tags":[],"mec_category":[53,56,104],"mec_speaker":[74],"class_list":["post-4459","mec-events","type-mec-events","status-publish","has-post-thumbnail","hentry","mec_category-anerkennung-taek","mec_category-seminar","mec_category-taek-sh-mit-18-stunden"],"yoast_head":"<!-- This site is optimized with the Yoast SEO plugin v27.4 - https:\/\/yoast.com\/product\/yoast-seo-wordpress\/ -->\n<title>Lob und Tadel (3 Tage) - Daniel Herter - Akademie f\u00fcr Tiertherapie - Veranstaltungen<\/title>\n<meta name=\"description\" content=\"Daniel Herter - &quot;Lob und Tadel&quot; Nicht jedes Verhalten kann belohnt, nicht jedes ignoriert werden, wann und wie unterbricht man angemessen ?\" \/>\n<meta name=\"robots\" content=\"index, follow, max-snippet:-1, max-image-preview:large, max-video-preview:-1\" \/>\n<link rel=\"canonical\" href=\"https:\/\/akademie-tiertherapie.de\/veranstaltungen\/events\/lob-und-tadel\/\" \/>\n<meta property=\"og:locale\" content=\"de_DE\" \/>\n<meta property=\"og:type\" content=\"article\" \/>\n<meta property=\"og:title\" content=\"Lob und Tadel (3 Tage) - Daniel Herter - Akademie f\u00fcr Tiertherapie - Veranstaltungen\" \/>\n<meta property=\"og:description\" content=\"Daniel Herter - &quot;Lob und Tadel&quot; Nicht jedes Verhalten kann belohnt, nicht jedes ignoriert werden, wann und wie unterbricht man angemessen ?\" \/>\n<meta property=\"og:url\" content=\"https:\/\/akademie-tiertherapie.de\/veranstaltungen\/events\/lob-und-tadel\/\" \/>\n<meta property=\"og:site_name\" content=\"Akademie f\u00fcr Tiertherapie - Veranstaltungen\" \/>\n<meta property=\"article:publisher\" content=\"https:\/\/www.facebook.com\/AkademieTier\" \/>\n<meta property=\"article:modified_time\" content=\"2024-11-26T19:17:29+00:00\" \/>\n<meta property=\"og:image\" content=\"https:\/\/akademie-tiertherapie.de\/veranstaltungen\/wp-content\/uploads\/2024\/08\/Herter-Strafe.jpg\" \/>\n\t<meta property=\"og:image:width\" content=\"901\" \/>\n\t<meta property=\"og:image:height\" content=\"601\" \/>\n\t<meta property=\"og:image:type\" content=\"image\/jpeg\" \/>\n<meta name=\"twitter:card\" content=\"summary_large_image\" \/>\n<meta name=\"twitter:label1\" content=\"Gesch\u00e4tzte Lesezeit\" \/>\n\t<meta name=\"twitter:data1\" content=\"1\u00a0Minute\" \/>\n<script type=\"application\/ld+json\" class=\"yoast-schema-graph\">{\"@context\":\"https:\\\/\\\/schema.org\",\"@graph\":[{\"@type\":\"WebPage\",\"@id\":\"https:\\\/\\\/akademie-tiertherapie.de\\\/veranstaltungen\\\/events\\\/lob-und-tadel\\\/\",\"url\":\"https:\\\/\\\/akademie-tiertherapie.de\\\/veranstaltungen\\\/events\\\/lob-und-tadel\\\/\",\"name\":\"Lob und Tadel (3 Tage) - Daniel Herter - Akademie f\u00fcr Tiertherapie - Veranstaltungen\",\"isPartOf\":{\"@id\":\"https:\\\/\\\/akademie-tiertherapie.de\\\/veranstaltungen\\\/#website\"},\"primaryImageOfPage\":{\"@id\":\"https:\\\/\\\/akademie-tiertherapie.de\\\/veranstaltungen\\\/events\\\/lob-und-tadel\\\/#primaryimage\"},\"image\":{\"@id\":\"https:\\\/\\\/akademie-tiertherapie.de\\\/veranstaltungen\\\/events\\\/lob-und-tadel\\\/#primaryimage\"},\"thumbnailUrl\":\"https:\\\/\\\/akademie-tiertherapie.de\\\/veranstaltungen\\\/wp-content\\\/uploads\\\/2024\\\/08\\\/Herter-Strafe.jpg\",\"datePublished\":\"2024-08-07T11:54:59+00:00\",\"dateModified\":\"2024-11-26T19:17:29+00:00\",\"description\":\"Daniel Herter - \\\"Lob und Tadel\\\" Nicht jedes Verhalten kann belohnt, nicht jedes ignoriert werden, wann und wie unterbricht man angemessen ?\",\"breadcrumb\":{\"@id\":\"https:\\\/\\\/akademie-tiertherapie.de\\\/veranstaltungen\\\/events\\\/lob-und-tadel\\\/#breadcrumb\"},\"inLanguage\":\"de\",\"potentialAction\":[{\"@type\":\"ReadAction\",\"target\":[\"https:\\\/\\\/akademie-tiertherapie.de\\\/veranstaltungen\\\/events\\\/lob-und-tadel\\\/\"]}]},{\"@type\":\"ImageObject\",\"inLanguage\":\"de\",\"@id\":\"https:\\\/\\\/akademie-tiertherapie.de\\\/veranstaltungen\\\/events\\\/lob-und-tadel\\\/#primaryimage\",\"url\":\"https:\\\/\\\/akademie-tiertherapie.de\\\/veranstaltungen\\\/wp-content\\\/uploads\\\/2024\\\/08\\\/Herter-Strafe.jpg\",\"contentUrl\":\"https:\\\/\\\/akademie-tiertherapie.de\\\/veranstaltungen\\\/wp-content\\\/uploads\\\/2024\\\/08\\\/Herter-Strafe.jpg\",\"width\":901,\"height\":601},{\"@type\":\"BreadcrumbList\",\"@id\":\"https:\\\/\\\/akademie-tiertherapie.de\\\/veranstaltungen\\\/events\\\/lob-und-tadel\\\/#breadcrumb\",\"itemListElement\":[{\"@type\":\"ListItem\",\"position\":1,\"name\":\"Startseite\",\"item\":\"https:\\\/\\\/akademie-tiertherapie.de\\\/veranstaltungen\\\/\"},{\"@type\":\"ListItem\",\"position\":2,\"name\":\"Veranstaltungen\",\"item\":\"https:\\\/\\\/akademie-tiertherapie.de\\\/veranstaltungen\\\/events\\\/\"},{\"@type\":\"ListItem\",\"position\":3,\"name\":\"Lob und Tadel (3 Tage) &#8211; Daniel Herter\"}]},{\"@type\":\"WebSite\",\"@id\":\"https:\\\/\\\/akademie-tiertherapie.de\\\/veranstaltungen\\\/#website\",\"url\":\"https:\\\/\\\/akademie-tiertherapie.de\\\/veranstaltungen\\\/\",\"name\":\"Akademie f\u00fcr Tiertherapie - Veranstaltungen\",\"description\":\"Akademie f\u00fcr Tiertherapeutische Berufe GmbH\",\"publisher\":{\"@id\":\"https:\\\/\\\/akademie-tiertherapie.de\\\/veranstaltungen\\\/#organization\"},\"potentialAction\":[{\"@type\":\"SearchAction\",\"target\":{\"@type\":\"EntryPoint\",\"urlTemplate\":\"https:\\\/\\\/akademie-tiertherapie.de\\\/veranstaltungen\\\/?s={search_term_string}\"},\"query-input\":{\"@type\":\"PropertyValueSpecification\",\"valueRequired\":true,\"valueName\":\"search_term_string\"}}],\"inLanguage\":\"de\"},{\"@type\":\"Organization\",\"@id\":\"https:\\\/\\\/akademie-tiertherapie.de\\\/veranstaltungen\\\/#organization\",\"name\":\"Akademie Tiertherapie\",\"url\":\"https:\\\/\\\/akademie-tiertherapie.de\\\/veranstaltungen\\\/\",\"logo\":{\"@type\":\"ImageObject\",\"inLanguage\":\"de\",\"@id\":\"https:\\\/\\\/akademie-tiertherapie.de\\\/veranstaltungen\\\/#\\\/schema\\\/logo\\\/image\\\/\",\"url\":\"https:\\\/\\\/akademie-tiertherapie.de\\\/veranstaltungen\\\/wp-content\\\/uploads\\\/2022\\\/03\\\/ALogoBrown726KB.png\",\"contentUrl\":\"https:\\\/\\\/akademie-tiertherapie.de\\\/veranstaltungen\\\/wp-content\\\/uploads\\\/2022\\\/03\\\/ALogoBrown726KB.png\",\"width\":2233,\"height\":2173,\"caption\":\"Akademie Tiertherapie\"},\"image\":{\"@id\":\"https:\\\/\\\/akademie-tiertherapie.de\\\/veranstaltungen\\\/#\\\/schema\\\/logo\\\/image\\\/\"},\"sameAs\":[\"https:\\\/\\\/www.facebook.com\\\/AkademieTier\",\"https:\\\/\\\/www.instagram.com\\\/akademietier\\\/\"]}]}<\/script>\n<!-- \/ Yoast SEO plugin. -->","yoast_head_json":{"title":"Lob und Tadel (3 Tage) - Daniel Herter - Akademie f\u00fcr Tiertherapie - Veranstaltungen","description":"Daniel Herter - \"Lob und Tadel\" Nicht jedes Verhalten kann belohnt, nicht jedes ignoriert werden, wann und wie unterbricht man angemessen ?","robots":{"index":"index","follow":"follow","max-snippet":"max-snippet:-1","max-image-preview":"max-image-preview:large","max-video-preview":"max-video-preview:-1"},"canonical":"https:\/\/akademie-tiertherapie.de\/veranstaltungen\/events\/lob-und-tadel\/","og_locale":"de_DE","og_type":"article","og_title":"Lob und Tadel (3 Tage) - Daniel Herter - Akademie f\u00fcr Tiertherapie - Veranstaltungen","og_description":"Daniel Herter - \"Lob und Tadel\" Nicht jedes Verhalten kann belohnt, nicht jedes ignoriert werden, wann und wie unterbricht man angemessen ?","og_url":"https:\/\/akademie-tiertherapie.de\/veranstaltungen\/events\/lob-und-tadel\/","og_site_name":"Akademie f\u00fcr Tiertherapie - Veranstaltungen","article_publisher":"https:\/\/www.facebook.com\/AkademieTier","article_modified_time":"2024-11-26T19:17:29+00:00","og_image":[{"width":901,"height":601,"url":"https:\/\/akademie-tiertherapie.de\/veranstaltungen\/wp-content\/uploads\/2024\/08\/Herter-Strafe.jpg","type":"image\/jpeg"}],"twitter_card":"summary_large_image","twitter_misc":{"Gesch\u00e4tzte Lesezeit":"1\u00a0Minute"},"schema":{"@context":"https:\/\/schema.org","@graph":[{"@type":"WebPage","@id":"https:\/\/akademie-tiertherapie.de\/veranstaltungen\/events\/lob-und-tadel\/","url":"https:\/\/akademie-tiertherapie.de\/veranstaltungen\/events\/lob-und-tadel\/","name":"Lob und Tadel (3 Tage) - Daniel Herter - Akademie f\u00fcr Tiertherapie - Veranstaltungen","isPartOf":{"@id":"https:\/\/akademie-tiertherapie.de\/veranstaltungen\/#website"},"primaryImageOfPage":{"@id":"https:\/\/akademie-tiertherapie.de\/veranstaltungen\/events\/lob-und-tadel\/#primaryimage"},"image":{"@id":"https:\/\/akademie-tiertherapie.de\/veranstaltungen\/events\/lob-und-tadel\/#primaryimage"},"thumbnailUrl":"https:\/\/akademie-tiertherapie.de\/veranstaltungen\/wp-content\/uploads\/2024\/08\/Herter-Strafe.jpg","datePublished":"2024-08-07T11:54:59+00:00","dateModified":"2024-11-26T19:17:29+00:00","description":"Daniel Herter - \"Lob und Tadel\" Nicht jedes Verhalten kann belohnt, nicht jedes ignoriert werden, wann und wie unterbricht man angemessen ?","breadcrumb":{"@id":"https:\/\/akademie-tiertherapie.de\/veranstaltungen\/events\/lob-und-tadel\/#breadcrumb"},"inLanguage":"de","potentialAction":[{"@type":"ReadAction","target":["https:\/\/akademie-tiertherapie.de\/veranstaltungen\/events\/lob-und-tadel\/"]}]},{"@type":"ImageObject","inLanguage":"de","@id":"https:\/\/akademie-tiertherapie.de\/veranstaltungen\/events\/lob-und-tadel\/#primaryimage","url":"https:\/\/akademie-tiertherapie.de\/veranstaltungen\/wp-content\/uploads\/2024\/08\/Herter-Strafe.jpg","contentUrl":"https:\/\/akademie-tiertherapie.de\/veranstaltungen\/wp-content\/uploads\/2024\/08\/Herter-Strafe.jpg","width":901,"height":601},{"@type":"BreadcrumbList","@id":"https:\/\/akademie-tiertherapie.de\/veranstaltungen\/events\/lob-und-tadel\/#breadcrumb","itemListElement":[{"@type":"ListItem","position":1,"name":"Startseite","item":"https:\/\/akademie-tiertherapie.de\/veranstaltungen\/"},{"@type":"ListItem","position":2,"name":"Veranstaltungen","item":"https:\/\/akademie-tiertherapie.de\/veranstaltungen\/events\/"},{"@type":"ListItem","position":3,"name":"Lob und Tadel (3 Tage) &#8211; Daniel Herter"}]},{"@type":"WebSite","@id":"https:\/\/akademie-tiertherapie.de\/veranstaltungen\/#website","url":"https:\/\/akademie-tiertherapie.de\/veranstaltungen\/","name":"Akademie f\u00fcr Tiertherapie - Veranstaltungen","description":"Akademie f\u00fcr Tiertherapeutische Berufe GmbH","publisher":{"@id":"https:\/\/akademie-tiertherapie.de\/veranstaltungen\/#organization"},"potentialAction":[{"@type":"SearchAction","target":{"@type":"EntryPoint","urlTemplate":"https:\/\/akademie-tiertherapie.de\/veranstaltungen\/?s={search_term_string}"},"query-input":{"@type":"PropertyValueSpecification","valueRequired":true,"valueName":"search_term_string"}}],"inLanguage":"de"},{"@type":"Organization","@id":"https:\/\/akademie-tiertherapie.de\/veranstaltungen\/#organization","name":"Akademie Tiertherapie","url":"https:\/\/akademie-tiertherapie.de\/veranstaltungen\/","logo":{"@type":"ImageObject","inLanguage":"de","@id":"https:\/\/akademie-tiertherapie.de\/veranstaltungen\/#\/schema\/logo\/image\/","url":"https:\/\/akademie-tiertherapie.de\/veranstaltungen\/wp-content\/uploads\/2022\/03\/ALogoBrown726KB.png","contentUrl":"https:\/\/akademie-tiertherapie.de\/veranstaltungen\/wp-content\/uploads\/2022\/03\/ALogoBrown726KB.png","width":2233,"height":2173,"caption":"Akademie Tiertherapie"},"image":{"@id":"https:\/\/akademie-tiertherapie.de\/veranstaltungen\/#\/schema\/logo\/image\/"},"sameAs":["https:\/\/www.facebook.com\/AkademieTier","https:\/\/www.instagram.com\/akademietier\/"]}]}},"_links":{"self":[{"href":"https:\/\/akademie-tiertherapie.de\/veranstaltungen\/wp-json\/wp\/v2\/mec-events\/4459","targetHints":{"allow":["GET"]}}],"collection":[{"href":"https:\/\/akademie-tiertherapie.de\/veranstaltungen\/wp-json\/wp\/v2\/mec-events"}],"about":[{"href":"https:\/\/akademie-tiertherapie.de\/veranstaltungen\/wp-json\/wp\/v2\/types\/mec-events"}],"author":[{"embeddable":true,"href":"https:\/\/akademie-tiertherapie.de\/veranstaltungen\/wp-json\/wp\/v2\/users\/2"}],"wp:featuredmedia":[{"embeddable":true,"href":"https:\/\/akademie-tiertherapie.de\/veranstaltungen\/wp-json\/wp\/v2\/media\/4460"}],"wp:attachment":[{"href":"https:\/\/akademie-tiertherapie.de\/veranstaltungen\/wp-json\/wp\/v2\/media?parent=4459"}],"wp:term":[{"taxonomy":"post_tag","embeddable":true,"href":"https:\/\/akademie-tiertherapie.de\/veranstaltungen\/wp-json\/wp\/v2\/tags?post=4459"},{"taxonomy":"mec_category","embeddable":true,"href":"https:\/\/akademie-tiertherapie.de\/veranstaltungen\/wp-json\/wp\/v2\/mec_category?post=4459"},{"taxonomy":"mec_speaker","embeddable":true,"href":"https:\/\/akademie-tiertherapie.de\/veranstaltungen\/wp-json\/wp\/v2\/mec_speaker?post=4459"}],"curies":[{"name":"wp","href":"https:\/\/api.w.org\/{rel}","templated":true}]}}