{"id":4975,"date":"2025-09-19T18:58:11","date_gmt":"2025-09-19T16:58:11","guid":{"rendered":"https:\/\/akademie-tiertherapie.de\/veranstaltungen\/?post_type=mec-events&#038;p=4975"},"modified":"2026-01-14T14:32:50","modified_gmt":"2026-01-14T13:32:50","slug":"exklusive-urlaubs-und-trainingszeit-mit-ursula-loeckenhoff","status":"publish","type":"mec-events","link":"https:\/\/akademie-tiertherapie.de\/veranstaltungen\/events\/exklusive-urlaubs-und-trainingszeit-mit-ursula-loeckenhoff\/","title":{"rendered":"Exklusive Urlaubs- und Trainingszeit mit Ursula L\u00f6ckenhoff\u00a0"},"content":{"rendered":"<h3 style=\"font-weight: 400;\"><strong>Dein Hund und Du in Graub\u00fcnden \u2013 Raumdenken intensiv erleben!<br \/>\n<\/strong><\/h3>\n<div><i>sichtbar f\u00fchren \u2013 unsichtbar verbunden<\/i><\/div>\n<p style=\"font-weight: 400;\">Verfeinere deine Kommunikation und schaffe neues Verst\u00e4ndnis. Vom 22.\u2013 28. August 2026 hast du die einmalige Gelegenheit, Raumdenken inmitten der beeindruckenden Bergwelt Graub\u00fcndens intensiv zu erleben \u2013 ein exklusives Angebot f\u00fcr alle, die ihre Verbindung zu ihrem Hund auf ein neues Level heben m\u00f6chten.<\/p>\n<p style=\"font-weight: 400;\"><strong>Was Dich erwartet:<\/strong><\/p>\n<p style=\"font-weight: 400;\"><strong>T\u00e4gliche Erlebniswanderungen:<\/strong> Wandere zur Alp Mora und erkunde die Rundtour Flims-Caumasee \u2013 sp\u00fcre, wie Bewegung und Raum deine F\u00fchrung ver\u00e4ndern.<\/p>\n<p style=\"font-weight: 400;\"><strong>Intensiv-Coaching:<\/strong> im kleinen Rahmen: individuelles Feedback, unmittelbare Transfer-\u00dcbungen, echte Aha-Momente. Individuelle Begleitung durch @ursula_loeckenhoff &amp; @nicoledrueschler_hundetraining f\u00fcr noch mehr Klarheit und feine Kommunikation.<\/p>\n<p style=\"font-weight: 400;\"><strong>Abendvortrag &amp; Praxis\u00fcbungen:<\/strong> Erkenne, wie du Raum bewusst einsetzt, um Vertrauen und eine harmonische F\u00fchrung aufzubauen.<\/p>\n<p style=\"font-weight: 400;\"><strong>Exklusives Genuss-Erlebnis: <\/strong>Inspirierende Abende im Kochlabor in Chur \u2013 tiefer Austausch \u2013 mit Zeit f\u00fcr Fragen, Reflexion und gutem Essen in besonderem Ambiente.<\/p>\n<p style=\"font-weight: 400;\"><strong>Warum es sich lohnt?<\/strong><\/p>\n<p style=\"font-weight: 400;\">&#8211; Weil F\u00fchrung ohne Worte beginnt.<\/p>\n<p style=\"font-weight: 400;\">&#8211; Weil dein Hund deine Klarheit sp\u00fcrt.<\/p>\n<p style=\"font-weight: 400;\">&#8211; Weil Raumdenken deine Verbindung nachhaltig ver\u00e4ndert.<\/p>\n<p style=\"font-weight: 400;\"><strong>\u00a0<\/strong><\/p>\n<p style=\"font-weight: 400;\"><strong>Highlights in K\u00fcrze <\/strong><\/p>\n<ul>\n<li><strong>Raum erfahren:<\/strong> Wahrnehmungs-Auftr\u00e4ge, N\u00e4he\/Distanz, Tempo &amp; Blickrichtung lesen.<\/li>\n<li><strong>Raum teilen &amp; genie\u00dfen:<\/strong> urbane und nat\u00fcrliche R\u00e4ume bewusst nutzen; Sicherheit schenken, Freiheit erm\u00f6glichen.<\/li>\n<li><strong>F\u00fchren ohne Lautst\u00e4rke:<\/strong> klare Orientierung geben, Bindung st\u00e4rken, Stress reduzieren.<\/li>\n<li><strong>Selbstwirksamkeit &amp; Klarheit:<\/strong> innere Ausrichtung, die man deinem Hund anmerkt \u2013 und die dich im Alltag tr\u00e4gt.<\/li>\n<\/ul>\n<p style=\"font-weight: 400;\"><strong>F\u00fcr wen?<br \/>\n<\/strong>F\u00fcr Menschen mit Hund, die <strong>Beziehung leben<\/strong> statt \u201enur\u201c gehorchen lassen m\u00f6chten: achtsam, praxistauglich, alltagssicher. Geeignet f\u00fcr sozialvertr\u00e4gliche, f\u00fchrige Hunde mit normaler Kondition.<\/p>\n<p style=\"font-weight: 400;\">Ort: CH-7000 Chur &#8211; Graub\u00fcnden, Schweiz<\/p>\n<p style=\"font-weight: 400;\">Datum: 22.\u2013 28. August 2026<\/p>\n<p style=\"font-weight: 400;\">Kosten: 1.150,00 \u20ac<\/p>\n<p style=\"font-weight: 400;\">Jetzt Platz sichern \u2013 die Teilnehmerzahl ist begrenzt!<\/p>\n<p style=\"font-weight: 400;\">\u201eRaumdenken hei\u00dft: Verbindung leben.\u201c Erlebe und lerne Raumdenken gezielt zu nutzen und eine harmonische F\u00fchrung zu entwickeln.<\/p>\n<p style=\"font-weight: 400;\">Sei dabei! &#8211; Dein Abenteuer beginnt jetzt !<\/p>\n<p style=\"font-weight: 400;\"><strong>Hotelkosten: <\/strong><\/p>\n<p style=\"font-weight: 400;\"><strong>1 Einzelzimmer mit Dusche \/ WC<\/strong><\/p>\n<p style=\"font-weight: 400;\">CHF 118,00 pro Zimmer \/ Nacht + Tourismustaxe pro<\/p>\n<p style=\"font-weight: 400;\">Person\/Nacht 2,60<\/p>\n<p style=\"font-weight: 400;\">CHF 10,00 Spezialpreis pro Hund<\/p>\n<p style=\"font-weight: 400;\">CHF 590,00 + Tourismustaxe pro Person\/Nacht 2,60 + Hund\/Nacht<\/p>\n<p style=\"font-weight: 400;\"><strong>1 Doppelzimmer mit Dusche \/ WC<\/strong><\/p>\n<p style=\"font-weight: 400;\">CHF 170,00 pro Zimmer \/ Nacht + Tourismustaxe pro<\/p>\n<p style=\"font-weight: 400;\">Person\/Nacht 2,60<\/p>\n<p style=\"font-weight: 400;\">CHF 10,00 Spezialpreis pro Hund<\/p>\n<p style=\"font-weight: 400;\">CHF 850,00 + Tourismustaxe pro Person\/Nacht 2,60 + Hund\/Nacht<\/p>\n<p style=\"font-weight: 400;\"><strong>1 Doppelzimmer zur Einzelnutzung mit Dusche \/ WC<\/strong><\/p>\n<p style=\"font-weight: 400;\">CHF 138,00 pro Zimmer \/ Nacht + Tourismustaxe pro<\/p>\n<p style=\"font-weight: 400;\">Person\/Nacht 2,60<\/p>\n<p style=\"font-weight: 400;\">CHF 10,00 Spezialpreis pro Hund<\/p>\n<p style=\"font-weight: 400;\">CHF 690,00 + Tourismustaxe pro Person\/Nacht 2,60 + Hund\/Nacht<\/p>\n","protected":false},"excerpt":{"rendered":"<p>Dein Hund und Du in Graub\u00fcnden \u2013 Raumdenken intensiv erleben! sichtbar f\u00fchren \u2013 unsichtbar verbunden Verfeinere deine Kommunikation und schaffe neues Verst\u00e4ndnis. Vom 22.\u2013 28. August 2026 hast du die einmalige Gelegenheit, Raumdenken inmitten der beeindruckenden Bergwelt Graub\u00fcndens intensiv zu erleben \u2013 ein exklusives Angebot f\u00fcr alle, die ihre Verbindung zu ihrem Hund auf ein [&hellip;]<\/p>\n","protected":false},"author":2,"featured_media":5034,"template":"","tags":[],"mec_category":[84],"mec_speaker":[69,82],"class_list":["post-4975","mec-events","type-mec-events","status-publish","has-post-thumbnail","hentry","mec_category-urlaub"],"yoast_head":"<!-- This site is optimized with the Yoast SEO plugin v27.4 - https:\/\/yoast.com\/product\/yoast-seo-wordpress\/ -->\n<title>Exklusive Urlaubs- und Trainingszeit mit Ursula L\u00f6ckenhoff\u00a0 - Akademie f\u00fcr Tiertherapie - Veranstaltungen<\/title>\n<meta name=\"description\" content=\"Urlaubs- und Trainingszeit mit Ursula L\u00f6ckenhoff - ein Wochenendworkshop mit und ohne Hund, Theorie, Praxis, viele Videos, kurzum ein Seminar das sich lohnt.\" \/>\n<meta name=\"robots\" content=\"index, follow, max-snippet:-1, max-image-preview:large, max-video-preview:-1\" \/>\n<link rel=\"canonical\" href=\"https:\/\/akademie-tiertherapie.de\/veranstaltungen\/events\/exklusive-urlaubs-und-trainingszeit-mit-ursula-loeckenhoff\/\" \/>\n<meta property=\"og:locale\" content=\"de_DE\" \/>\n<meta property=\"og:type\" content=\"article\" \/>\n<meta property=\"og:title\" content=\"Exklusive Urlaubs- und Trainingszeit mit Ursula L\u00f6ckenhoff\u00a0 - Akademie f\u00fcr Tiertherapie - Veranstaltungen\" \/>\n<meta property=\"og:description\" content=\"Urlaubs- und Trainingszeit mit Ursula L\u00f6ckenhoff - ein Wochenendworkshop mit und ohne Hund, Theorie, Praxis, viele Videos, kurzum ein Seminar das sich lohnt.\" \/>\n<meta property=\"og:url\" content=\"https:\/\/akademie-tiertherapie.de\/veranstaltungen\/events\/exklusive-urlaubs-und-trainingszeit-mit-ursula-loeckenhoff\/\" \/>\n<meta property=\"og:site_name\" content=\"Akademie f\u00fcr Tiertherapie - Veranstaltungen\" \/>\n<meta property=\"article:publisher\" content=\"https:\/\/www.facebook.com\/AkademieTier\" \/>\n<meta property=\"article:modified_time\" content=\"2026-01-14T13:32:50+00:00\" \/>\n<meta property=\"og:image\" content=\"https:\/\/akademie-tiertherapie.de\/veranstaltungen\/wp-content\/uploads\/2025\/09\/TrainingsurlaubLoeck.jpg\" \/>\n\t<meta property=\"og:image:width\" content=\"1414\" \/>\n\t<meta property=\"og:image:height\" content=\"1407\" \/>\n\t<meta property=\"og:image:type\" content=\"image\/jpeg\" \/>\n<meta name=\"twitter:card\" content=\"summary_large_image\" \/>\n<meta name=\"twitter:label1\" content=\"Gesch\u00e4tzte Lesezeit\" \/>\n\t<meta name=\"twitter:data1\" content=\"2\u00a0Minuten\" \/>\n<script type=\"application\/ld+json\" class=\"yoast-schema-graph\">{\"@context\":\"https:\\\/\\\/schema.org\",\"@graph\":[{\"@type\":\"WebPage\",\"@id\":\"https:\\\/\\\/akademie-tiertherapie.de\\\/veranstaltungen\\\/events\\\/exklusive-urlaubs-und-trainingszeit-mit-ursula-loeckenhoff\\\/\",\"url\":\"https:\\\/\\\/akademie-tiertherapie.de\\\/veranstaltungen\\\/events\\\/exklusive-urlaubs-und-trainingszeit-mit-ursula-loeckenhoff\\\/\",\"name\":\"Exklusive Urlaubs- und Trainingszeit mit Ursula L\u00f6ckenhoff\u00a0 - Akademie f\u00fcr Tiertherapie - Veranstaltungen\",\"isPartOf\":{\"@id\":\"https:\\\/\\\/akademie-tiertherapie.de\\\/veranstaltungen\\\/#website\"},\"primaryImageOfPage\":{\"@id\":\"https:\\\/\\\/akademie-tiertherapie.de\\\/veranstaltungen\\\/events\\\/exklusive-urlaubs-und-trainingszeit-mit-ursula-loeckenhoff\\\/#primaryimage\"},\"image\":{\"@id\":\"https:\\\/\\\/akademie-tiertherapie.de\\\/veranstaltungen\\\/events\\\/exklusive-urlaubs-und-trainingszeit-mit-ursula-loeckenhoff\\\/#primaryimage\"},\"thumbnailUrl\":\"https:\\\/\\\/akademie-tiertherapie.de\\\/veranstaltungen\\\/wp-content\\\/uploads\\\/2025\\\/09\\\/TrainingsurlaubLoeck.jpg\",\"datePublished\":\"2025-09-19T16:58:11+00:00\",\"dateModified\":\"2026-01-14T13:32:50+00:00\",\"description\":\"Urlaubs- und Trainingszeit mit Ursula L\u00f6ckenhoff - ein Wochenendworkshop mit und ohne Hund, Theorie, Praxis, viele Videos, kurzum ein Seminar das sich lohnt.\",\"breadcrumb\":{\"@id\":\"https:\\\/\\\/akademie-tiertherapie.de\\\/veranstaltungen\\\/events\\\/exklusive-urlaubs-und-trainingszeit-mit-ursula-loeckenhoff\\\/#breadcrumb\"},\"inLanguage\":\"de\",\"potentialAction\":[{\"@type\":\"ReadAction\",\"target\":[\"https:\\\/\\\/akademie-tiertherapie.de\\\/veranstaltungen\\\/events\\\/exklusive-urlaubs-und-trainingszeit-mit-ursula-loeckenhoff\\\/\"]}]},{\"@type\":\"ImageObject\",\"inLanguage\":\"de\",\"@id\":\"https:\\\/\\\/akademie-tiertherapie.de\\\/veranstaltungen\\\/events\\\/exklusive-urlaubs-und-trainingszeit-mit-ursula-loeckenhoff\\\/#primaryimage\",\"url\":\"https:\\\/\\\/akademie-tiertherapie.de\\\/veranstaltungen\\\/wp-content\\\/uploads\\\/2025\\\/09\\\/TrainingsurlaubLoeck.jpg\",\"contentUrl\":\"https:\\\/\\\/akademie-tiertherapie.de\\\/veranstaltungen\\\/wp-content\\\/uploads\\\/2025\\\/09\\\/TrainingsurlaubLoeck.jpg\",\"width\":1414,\"height\":1407},{\"@type\":\"BreadcrumbList\",\"@id\":\"https:\\\/\\\/akademie-tiertherapie.de\\\/veranstaltungen\\\/events\\\/exklusive-urlaubs-und-trainingszeit-mit-ursula-loeckenhoff\\\/#breadcrumb\",\"itemListElement\":[{\"@type\":\"ListItem\",\"position\":1,\"name\":\"Startseite\",\"item\":\"https:\\\/\\\/akademie-tiertherapie.de\\\/veranstaltungen\\\/\"},{\"@type\":\"ListItem\",\"position\":2,\"name\":\"Veranstaltungen\",\"item\":\"https:\\\/\\\/akademie-tiertherapie.de\\\/veranstaltungen\\\/events\\\/\"},{\"@type\":\"ListItem\",\"position\":3,\"name\":\"Exklusive Urlaubs- und Trainingszeit mit Ursula L\u00f6ckenhoff\u00a0\"}]},{\"@type\":\"WebSite\",\"@id\":\"https:\\\/\\\/akademie-tiertherapie.de\\\/veranstaltungen\\\/#website\",\"url\":\"https:\\\/\\\/akademie-tiertherapie.de\\\/veranstaltungen\\\/\",\"name\":\"Akademie f\u00fcr Tiertherapie - Veranstaltungen\",\"description\":\"Akademie f\u00fcr Tiertherapeutische Berufe GmbH\",\"publisher\":{\"@id\":\"https:\\\/\\\/akademie-tiertherapie.de\\\/veranstaltungen\\\/#organization\"},\"potentialAction\":[{\"@type\":\"SearchAction\",\"target\":{\"@type\":\"EntryPoint\",\"urlTemplate\":\"https:\\\/\\\/akademie-tiertherapie.de\\\/veranstaltungen\\\/?s={search_term_string}\"},\"query-input\":{\"@type\":\"PropertyValueSpecification\",\"valueRequired\":true,\"valueName\":\"search_term_string\"}}],\"inLanguage\":\"de\"},{\"@type\":\"Organization\",\"@id\":\"https:\\\/\\\/akademie-tiertherapie.de\\\/veranstaltungen\\\/#organization\",\"name\":\"Akademie Tiertherapie\",\"url\":\"https:\\\/\\\/akademie-tiertherapie.de\\\/veranstaltungen\\\/\",\"logo\":{\"@type\":\"ImageObject\",\"inLanguage\":\"de\",\"@id\":\"https:\\\/\\\/akademie-tiertherapie.de\\\/veranstaltungen\\\/#\\\/schema\\\/logo\\\/image\\\/\",\"url\":\"https:\\\/\\\/akademie-tiertherapie.de\\\/veranstaltungen\\\/wp-content\\\/uploads\\\/2022\\\/03\\\/ALogoBrown726KB.png\",\"contentUrl\":\"https:\\\/\\\/akademie-tiertherapie.de\\\/veranstaltungen\\\/wp-content\\\/uploads\\\/2022\\\/03\\\/ALogoBrown726KB.png\",\"width\":2233,\"height\":2173,\"caption\":\"Akademie Tiertherapie\"},\"image\":{\"@id\":\"https:\\\/\\\/akademie-tiertherapie.de\\\/veranstaltungen\\\/#\\\/schema\\\/logo\\\/image\\\/\"},\"sameAs\":[\"https:\\\/\\\/www.facebook.com\\\/AkademieTier\",\"https:\\\/\\\/www.instagram.com\\\/akademietier\\\/\"]}]}<\/script>\n<!-- \/ Yoast SEO plugin. -->","yoast_head_json":{"title":"Exklusive Urlaubs- und Trainingszeit mit Ursula L\u00f6ckenhoff\u00a0 - Akademie f\u00fcr Tiertherapie - Veranstaltungen","description":"Urlaubs- und Trainingszeit mit Ursula L\u00f6ckenhoff - ein Wochenendworkshop mit und ohne Hund, Theorie, Praxis, viele Videos, kurzum ein Seminar das sich lohnt.","robots":{"index":"index","follow":"follow","max-snippet":"max-snippet:-1","max-image-preview":"max-image-preview:large","max-video-preview":"max-video-preview:-1"},"canonical":"https:\/\/akademie-tiertherapie.de\/veranstaltungen\/events\/exklusive-urlaubs-und-trainingszeit-mit-ursula-loeckenhoff\/","og_locale":"de_DE","og_type":"article","og_title":"Exklusive Urlaubs- und Trainingszeit mit Ursula L\u00f6ckenhoff\u00a0 - Akademie f\u00fcr Tiertherapie - Veranstaltungen","og_description":"Urlaubs- und Trainingszeit mit Ursula L\u00f6ckenhoff - ein Wochenendworkshop mit und ohne Hund, Theorie, Praxis, viele Videos, kurzum ein Seminar das sich lohnt.","og_url":"https:\/\/akademie-tiertherapie.de\/veranstaltungen\/events\/exklusive-urlaubs-und-trainingszeit-mit-ursula-loeckenhoff\/","og_site_name":"Akademie f\u00fcr Tiertherapie - Veranstaltungen","article_publisher":"https:\/\/www.facebook.com\/AkademieTier","article_modified_time":"2026-01-14T13:32:50+00:00","og_image":[{"width":1414,"height":1407,"url":"https:\/\/akademie-tiertherapie.de\/veranstaltungen\/wp-content\/uploads\/2025\/09\/TrainingsurlaubLoeck.jpg","type":"image\/jpeg"}],"twitter_card":"summary_large_image","twitter_misc":{"Gesch\u00e4tzte Lesezeit":"2\u00a0Minuten"},"schema":{"@context":"https:\/\/schema.org","@graph":[{"@type":"WebPage","@id":"https:\/\/akademie-tiertherapie.de\/veranstaltungen\/events\/exklusive-urlaubs-und-trainingszeit-mit-ursula-loeckenhoff\/","url":"https:\/\/akademie-tiertherapie.de\/veranstaltungen\/events\/exklusive-urlaubs-und-trainingszeit-mit-ursula-loeckenhoff\/","name":"Exklusive Urlaubs- und Trainingszeit mit Ursula L\u00f6ckenhoff\u00a0 - Akademie f\u00fcr Tiertherapie - Veranstaltungen","isPartOf":{"@id":"https:\/\/akademie-tiertherapie.de\/veranstaltungen\/#website"},"primaryImageOfPage":{"@id":"https:\/\/akademie-tiertherapie.de\/veranstaltungen\/events\/exklusive-urlaubs-und-trainingszeit-mit-ursula-loeckenhoff\/#primaryimage"},"image":{"@id":"https:\/\/akademie-tiertherapie.de\/veranstaltungen\/events\/exklusive-urlaubs-und-trainingszeit-mit-ursula-loeckenhoff\/#primaryimage"},"thumbnailUrl":"https:\/\/akademie-tiertherapie.de\/veranstaltungen\/wp-content\/uploads\/2025\/09\/TrainingsurlaubLoeck.jpg","datePublished":"2025-09-19T16:58:11+00:00","dateModified":"2026-01-14T13:32:50+00:00","description":"Urlaubs- und Trainingszeit mit Ursula L\u00f6ckenhoff - ein Wochenendworkshop mit und ohne Hund, Theorie, Praxis, viele Videos, kurzum ein Seminar das sich lohnt.","breadcrumb":{"@id":"https:\/\/akademie-tiertherapie.de\/veranstaltungen\/events\/exklusive-urlaubs-und-trainingszeit-mit-ursula-loeckenhoff\/#breadcrumb"},"inLanguage":"de","potentialAction":[{"@type":"ReadAction","target":["https:\/\/akademie-tiertherapie.de\/veranstaltungen\/events\/exklusive-urlaubs-und-trainingszeit-mit-ursula-loeckenhoff\/"]}]},{"@type":"ImageObject","inLanguage":"de","@id":"https:\/\/akademie-tiertherapie.de\/veranstaltungen\/events\/exklusive-urlaubs-und-trainingszeit-mit-ursula-loeckenhoff\/#primaryimage","url":"https:\/\/akademie-tiertherapie.de\/veranstaltungen\/wp-content\/uploads\/2025\/09\/TrainingsurlaubLoeck.jpg","contentUrl":"https:\/\/akademie-tiertherapie.de\/veranstaltungen\/wp-content\/uploads\/2025\/09\/TrainingsurlaubLoeck.jpg","width":1414,"height":1407},{"@type":"BreadcrumbList","@id":"https:\/\/akademie-tiertherapie.de\/veranstaltungen\/events\/exklusive-urlaubs-und-trainingszeit-mit-ursula-loeckenhoff\/#breadcrumb","itemListElement":[{"@type":"ListItem","position":1,"name":"Startseite","item":"https:\/\/akademie-tiertherapie.de\/veranstaltungen\/"},{"@type":"ListItem","position":2,"name":"Veranstaltungen","item":"https:\/\/akademie-tiertherapie.de\/veranstaltungen\/events\/"},{"@type":"ListItem","position":3,"name":"Exklusive Urlaubs- und Trainingszeit mit Ursula L\u00f6ckenhoff\u00a0"}]},{"@type":"WebSite","@id":"https:\/\/akademie-tiertherapie.de\/veranstaltungen\/#website","url":"https:\/\/akademie-tiertherapie.de\/veranstaltungen\/","name":"Akademie f\u00fcr Tiertherapie - Veranstaltungen","description":"Akademie f\u00fcr Tiertherapeutische Berufe GmbH","publisher":{"@id":"https:\/\/akademie-tiertherapie.de\/veranstaltungen\/#organization"},"potentialAction":[{"@type":"SearchAction","target":{"@type":"EntryPoint","urlTemplate":"https:\/\/akademie-tiertherapie.de\/veranstaltungen\/?s={search_term_string}"},"query-input":{"@type":"PropertyValueSpecification","valueRequired":true,"valueName":"search_term_string"}}],"inLanguage":"de"},{"@type":"Organization","@id":"https:\/\/akademie-tiertherapie.de\/veranstaltungen\/#organization","name":"Akademie Tiertherapie","url":"https:\/\/akademie-tiertherapie.de\/veranstaltungen\/","logo":{"@type":"ImageObject","inLanguage":"de","@id":"https:\/\/akademie-tiertherapie.de\/veranstaltungen\/#\/schema\/logo\/image\/","url":"https:\/\/akademie-tiertherapie.de\/veranstaltungen\/wp-content\/uploads\/2022\/03\/ALogoBrown726KB.png","contentUrl":"https:\/\/akademie-tiertherapie.de\/veranstaltungen\/wp-content\/uploads\/2022\/03\/ALogoBrown726KB.png","width":2233,"height":2173,"caption":"Akademie Tiertherapie"},"image":{"@id":"https:\/\/akademie-tiertherapie.de\/veranstaltungen\/#\/schema\/logo\/image\/"},"sameAs":["https:\/\/www.facebook.com\/AkademieTier","https:\/\/www.instagram.com\/akademietier\/"]}]}},"_links":{"self":[{"href":"https:\/\/akademie-tiertherapie.de\/veranstaltungen\/wp-json\/wp\/v2\/mec-events\/4975","targetHints":{"allow":["GET"]}}],"collection":[{"href":"https:\/\/akademie-tiertherapie.de\/veranstaltungen\/wp-json\/wp\/v2\/mec-events"}],"about":[{"href":"https:\/\/akademie-tiertherapie.de\/veranstaltungen\/wp-json\/wp\/v2\/types\/mec-events"}],"author":[{"embeddable":true,"href":"https:\/\/akademie-tiertherapie.de\/veranstaltungen\/wp-json\/wp\/v2\/users\/2"}],"wp:featuredmedia":[{"embeddable":true,"href":"https:\/\/akademie-tiertherapie.de\/veranstaltungen\/wp-json\/wp\/v2\/media\/5034"}],"wp:attachment":[{"href":"https:\/\/akademie-tiertherapie.de\/veranstaltungen\/wp-json\/wp\/v2\/media?parent=4975"}],"wp:term":[{"taxonomy":"post_tag","embeddable":true,"href":"https:\/\/akademie-tiertherapie.de\/veranstaltungen\/wp-json\/wp\/v2\/tags?post=4975"},{"taxonomy":"mec_category","embeddable":true,"href":"https:\/\/akademie-tiertherapie.de\/veranstaltungen\/wp-json\/wp\/v2\/mec_category?post=4975"},{"taxonomy":"mec_speaker","embeddable":true,"href":"https:\/\/akademie-tiertherapie.de\/veranstaltungen\/wp-json\/wp\/v2\/mec_speaker?post=4975"}],"curies":[{"name":"wp","href":"https:\/\/api.w.org\/{rel}","templated":true}]}}